{"id":17671,"date":"2024-09-18T10:48:10","date_gmt":"2024-09-18T08:48:10","guid":{"rendered":"https:\/\/www.vsl.nl\/?page_id=17671"},"modified":"2025-12-29T12:31:11","modified_gmt":"2025-12-29T10:31:11","slug":"publications","status":"publish","type":"page","link":"https:\/\/www.vsl.nl\/en\/met4evcs\/results\/publications\/","title":{"rendered":"Publications"},"content":{"rendered":"<div class=\"wpb-content-wrapper\"><p>[vc_section full_width=&#8221;stretch_row&#8221; content_placement=&#8221;middle&#8221; css=&#8221;.vc_custom_1727685745142{background-image: url(https:\/\/www.vsl.nl\/wp-content\/uploads\/2024\/09\/header-electric.jpg?id=17693) !important;background-position: center !important;background-repeat: no-repeat !important;background-size: cover !important;}&#8221; el_class=&#8221;second_header gradient_header dg-position-realtive&#8221;][vc_row equal_height=&#8221;yes&#8221; content_placement=&#8221;middle&#8221; el_class=&#8221;dg-header&#8211;small&#8221;][vc_column width=&#8221;2\/3&#8243; el_class=&#8221;dg-padding-none full_width_responsive&#8221;][vc_column_text css=&#8221;.vc_custom_1727689635502{margin-bottom: 0px !important;padding-bottom: 0px !important;}&#8221; el_class=&#8221;text-white&#8221;]<\/p>\n<h1>Publications<\/h1>\n<p>Metrology for electric vehicle charging systems[\/vc_column_text][\/vc_column][vc_column width=&#8221;1\/3&#8243;][\/vc_column][\/vc_row][\/vc_section][vc_section el_class=&#8221;dg-padding-mid-bottom dg-padding-small-top&#8221;][vc_row][vc_column width=&#8221;5\/6&#8243; el_class=&#8221;full_width_responsive dg-padding-none&#8221;][vc_column_text css=&#8221;.vc_custom_1767004268179{margin-bottom: 0px !important;}&#8221;]<\/p>\n<h2>Publications<\/h2>\n<ul>\n<li>A. Mariscotti, \u201cDesign of a low-frequency impedance measurement system applicable to LV grids in live conditions\u201d, IEEE 15th International Workshop on Applied Measurements for Power Systems (AMPS), Bucharest, 2025<\/li>\n<li>J. Gonz\u00e1lez-Ramos. I. Angulo, I. Fern\u00e1ndez. B. Grasel, A. Gallarreta, A. Arrinda, D. de la Vega, \u201cCharacterization of the Long-Term Impedance Variations due to Electric Vehicle Charging from 20 kHz to 500 kHz\u201d, IEEE Open Journal of Power and Energy, vol. 12, pp. 235-244, 2025, doi: 10.1109\/OAJPE.2025.3562091<\/li>\n<li>Andrea Mariscotti, Rafael S. Salles and Sarah K. R\u00f6nnberg, \u201cUnsupervised Segmentation and Classification of Waveform-Distortion Data Using Non-Active Current\u201d, Energies, 2025, <a href=\"https:\/\/eur01.safelinks.protection.outlook.com\/?url=https%3A%2F%2Fdoi.org%2F10.3390%2Fen18133536&amp;data=05%7C02%7Cbdecort%40vsl.nl%7C8b67c63328b943765ea008ddcab001d5%7C2c9c80b404d7492fa3e6d21115d14389%7C0%7C0%7C638889579479817008%7CUnknown%7CTWFpbGZsb3d8eyJFbXB0eU1hcGkiOnRydWUsIlYiOiIwLjAuMDAwMCIsIlAiOiJXaW4zMiIsIkFOIjoiTWFpbCIsIldUIjoyfQ%3D%3D%7C0%7C%7C%7C&amp;sdata=%2BlUSRlGU41tiGEtur0FXFAdBpMMWXAXhxVJ2cxNWCmE%3D&amp;reserved=0\">https:\/\/doi.org\/10.3390\/en18133536<\/a><\/li>\n<li>J. D\u00edaz de Aguilar, A. Pueyo, D. de la Vega, I. Fern\u00e1ndez, \u201cProyecto MET4EVCS: Desarrollando una infraestructura de referencia de carga de veh\u00edculos el\u00e9ctricos\u201d (\u201cMET4EVCS project: on the development of a reference infrastructure for VE charging\u201d), Congreso de Redes Inteligentes (Conference on Smart Grids), 07\/11\/2024, Madrid<\/li>\n<li>A. Gallarreta, J. Gonz\u00e1lez-Ramos, J. Vild\u00f3sola-Arregui, I. Fern\u00e1ndez, I. Angulo, D. de la Vega, A. Arrinda, \u201cIs CISPR quasi-peak an appropriate metric for evaluating power line communications?\u201d, CIRED 2025, 16-19 June 2025, Geneva<\/li>\n<li>J. Gonz\u00e1lez-Ramos, A. Gallarreta, J. Vild\u00f3sola, B. Grasel, I. Angulo, I. Fern\u00e1ndez, D. de la Vega, A. Arrinda, \u201cInfluence of the grid topology on the grid access impedance in the 20-500 kHz\u00a0frequency range\u201d, CIRED 2025, 16-19 June 2025, Geneva<\/li>\n<li>A. Delle Femine, D. Gallo, C. Iodice, C. Landi, M. Luiso, \u201cEVSE Metrological Verification through IEC 61851 Protocol Hacking\u201d, 2024 IEEE International Workshop on Metrology for Automotive (MetroAutomotive), pp. 130 &#8211; 135, doi: 10.1109\/METROAUTOMOTIVE61329.2024.10615430<\/li>\n<li>Antonio Delle Femine, Claudio Iodice, Jan Ku\u010dera, Erik Dierikx, Andrea Mariscotti, Iv\u00e1n Higuero Torres, Javier D\u00edaz de Aguilar, and Thijs van Wijk, &#8220;Metrology for Electric Vehicle Charging Systems: An Overview of the European Research Project,&#8221; 2024 IEEE International Workshop on Metrology for Automotive (MetroAutomotive), Bologna, Italy, 2024, pp. 118-123, doi: 10.1109\/MetroAutomotive61329.2024.10615697<\/li>\n<li>Alexander Gallarreta, Jon Gonz\u00e1lez-Ramos, Stefano Lodetti, Peter Davis, Igor Fern\u00e1ndez, David de la Vega, Itziar Angulo, Amaia Arrinda, &#8220;Measurement framework for the consistent and fast measurement of conducted grid emissions in the 9-500 kHz range,&#8221; Computers and Electrical Engineering, Volume 124, Part A, 2025,110314, <a href=\"https:\/\/doi.org\/10.1016\/j.compeleceng.2025.110314\">https:\/\/doi.org\/10.1016\/j.compeleceng.2025.110314<\/a><\/li>\n<li>Alexander Gallarreta, Jon Gonz\u00e1lez-Ramos, Igor Fern\u00e1ndez, Itziar Angulo, C\u00e9dric Lavenu, Sebastien Gouraud, David de la Vega, Amaia Arrinda, &#8220;On the definition of measurement use cases for the assessment of LV grid emissions in the supraharmonic (2\u2013500 kHz) region,&#8221; Electric Power Systems Research, Volume 242, 2025, 111459, <a href=\"https:\/\/doi.org\/10.1016\/j.epsr.2025.111459\">https:\/\/doi.org\/10.1016\/j.epsr.2025.111459<\/a><\/li>\n<li>J. Gonz\u00e1lez-Ramos et al., &#8220;Influence of the grid topology on the grid access impedance in the 20-500 kHz frequency range,&#8221; 28th International Conference and Exhibition on Electricity Distribution (CIRED 2025), Geneva, Switzerland, 2025, pp. 979-983, doi: 10.1049\/icp.2025.1748<\/li>\n<li>I. Larrucea, J. Gonz\u00e1lez-Ramos, I. Angulo, I. Fern\u00e1ndez, J. Vild\u00f3sola and B. Grasel, &#8220;Characterization of a Reconstructed Low Voltage Grid as Propagation Medium for Narrowband Power Line Communications,&#8221; 2025 7th Global Power, Energy and Communication Conference (GPECOM), Bochum, Germany, 2025, pp. 797-803, doi: 10.1109\/GPECOM65896.2025.11061991<\/li>\n<li style=\"list-style-type: none;\"><\/li>\n<li style=\"list-style-type: none;\"><\/li>\n<\/ul>\n<p>[\/vc_column_text][\/vc_column][vc_column width=&#8221;1\/6&#8243; css=&#8221;.vc_custom_1726654096238{margin-top: 0px !important;margin-right: 0px !important;margin-bottom: 0px !important;margin-left: 0px !important;padding-top: 0px !important;padding-right: 0px !important;padding-left: 0px !important;}&#8221;][\/vc_column][\/vc_row][\/vc_section]<\/p>\n<\/div>","protected":false},"excerpt":{"rendered":"<p>[vc_section full_width=&#8221;stretch_row&#8221; content_placement=&#8221;middle&#8221; css=&#8221;.vc_custom_1727685745142{background-image: url(https:\/\/www.vsl.nl\/wp-content\/uploads\/2024\/09\/header-electric.jpg?id=17693) !important;background-position: center !important;background-repeat: no-repeat !important;background-size: cover !important;}&#8221; el_class=&#8221;second_header gradient_header dg-position-realtive&#8221;][vc_row equal_height=&#8221;yes&#8221; content_placement=&#8221;middle&#8221; el_class=&#8221;dg-header&#8211;small&#8221;][vc_column width=&#8221;2\/3&#8243; el_class=&#8221;dg-padding-none full_width_responsive&#8221;][vc_column_text css=&#8221;.vc_custom_1727689635502{margin-bottom: 0px !important;padding-bottom: 0px !important;}&#8221; el_class=&#8221;text-white&#8221;] Publications Metrology for electric vehicle charging systems[\/vc_column_text][\/vc_column][vc_column width=&#8221;1\/3&#8243;][\/vc_column][\/vc_row][\/vc_section][vc_section el_class=&#8221;dg-padding-mid-bottom dg-padding-small-top&#8221;][vc_row][vc_column width=&#8221;5\/6&#8243; el_class=&#8221;full_width_responsive dg-padding-none&#8221;][vc_column_text css=&#8221;.vc_custom_1767004268179{margin-bottom: 0px !important;}&#8221;] Publications A. Mariscotti, \u201cDesign of a low-frequency impedance measurement system applicable to&hellip;<\/p>\n","protected":false},"author":2,"featured_media":0,"parent":17667,"menu_order":0,"comment_status":"closed","ping_status":"closed","template":"","meta":{"_acf_changed":false,"inline_featured_image":false,"footnotes":"","_links_to":"","_links_to_target":""},"categories":[],"tags":[],"class_list":["post-17671","page","type-page","status-publish","hentry","description-off"],"acf":[],"yoast_head":"<!-- This site is optimized with the Yoast SEO plugin v27.2 - https:\/\/yoast.com\/product\/yoast-seo-wordpress\/ -->\n<title>Publications - Met4EVCS<\/title>\n<meta name=\"robots\" content=\"index, follow, max-snippet:-1, max-image-preview:large, max-video-preview:-1\" \/>\n<link rel=\"canonical\" href=\"https:\/\/www.vsl.nl\/en\/met4evcs\/results\/publications\/\" \/>\n<meta property=\"og:locale\" content=\"en_US\" \/>\n<meta property=\"og:type\" content=\"article\" \/>\n<meta property=\"og:title\" content=\"Publications - Met4EVCS\" \/>\n<meta property=\"og:description\" content=\"[vc_section full_width=&#8221;stretch_row&#8221; content_placement=&#8221;middle&#8221; css=&#8221;.vc_custom_1727685745142{background-image: url(https:\/\/www.vsl.nl\/wp-content\/uploads\/2024\/09\/header-electric.jpg?id=17693) !important;background-position: center !important;background-repeat: no-repeat !important;background-size: cover !important;}&#8221; el_class=&#8221;second_header gradient_header dg-position-realtive&#8221;][vc_row equal_height=&#8221;yes&#8221; content_placement=&#8221;middle&#8221; el_class=&#8221;dg-header&#8211;small&#8221;][vc_column width=&#8221;2\/3&#8243; el_class=&#8221;dg-padding-none full_width_responsive&#8221;][vc_column_text css=&#8221;.vc_custom_1727689635502{margin-bottom: 0px !important;padding-bottom: 0px !important;}&#8221; el_class=&#8221;text-white&#8221;] Publications Metrology for electric vehicle charging systems[\/vc_column_text][\/vc_column][vc_column width=&#8221;1\/3&#8243;][\/vc_column][\/vc_row][\/vc_section][vc_section el_class=&#8221;dg-padding-mid-bottom dg-padding-small-top&#8221;][vc_row][vc_column width=&#8221;5\/6&#8243; el_class=&#8221;full_width_responsive dg-padding-none&#8221;][vc_column_text css=&#8221;.vc_custom_1767004268179{margin-bottom: 0px !important;}&#8221;] Publications A. Mariscotti, \u201cDesign of a low-frequency impedance measurement system applicable to&hellip;\" \/>\n<meta property=\"og:url\" content=\"https:\/\/www.vsl.nl\/en\/met4evcs\/results\/publications\/\" \/>\n<meta property=\"og:site_name\" content=\"VSL\" \/>\n<meta property=\"article:modified_time\" content=\"2025-12-29T10:31:11+00:00\" \/>\n<meta name=\"twitter:card\" content=\"summary_large_image\" \/>\n<meta name=\"twitter:label1\" content=\"Est. reading time\" \/>\n\t<meta name=\"twitter:data1\" content=\"3 minutes\" \/>\n<script type=\"application\/ld+json\" class=\"yoast-schema-graph\">{\"@context\":\"https:\/\/schema.org\",\"@graph\":[{\"@type\":\"WebPage\",\"@id\":\"https:\/\/www.vsl.nl\/en\/met4evcs\/results\/publications\/\",\"url\":\"https:\/\/www.vsl.nl\/en\/met4evcs\/results\/publications\/\",\"name\":\"Publications - Met4EVCS\",\"isPartOf\":{\"@id\":\"https:\/\/www.vsl.nl\/#website\"},\"datePublished\":\"2024-09-18T08:48:10+00:00\",\"dateModified\":\"2025-12-29T10:31:11+00:00\",\"breadcrumb\":{\"@id\":\"https:\/\/www.vsl.nl\/en\/met4evcs\/results\/publications\/#breadcrumb\"},\"inLanguage\":\"en-US\",\"potentialAction\":[{\"@type\":\"ReadAction\",\"target\":[\"https:\/\/www.vsl.nl\/en\/met4evcs\/results\/publications\/\"]}]},{\"@type\":\"BreadcrumbList\",\"@id\":\"https:\/\/www.vsl.nl\/en\/met4evcs\/results\/publications\/#breadcrumb\",\"itemListElement\":[{\"@type\":\"ListItem\",\"position\":1,\"name\":\"Home\",\"item\":\"https:\/\/www.vsl.nl\/en\/\"},{\"@type\":\"ListItem\",\"position\":2,\"name\":\"Met4EVCS\",\"item\":\"https:\/\/www.vsl.nl\/en\/met4evcs\/\"},{\"@type\":\"ListItem\",\"position\":3,\"name\":\"Results\",\"item\":\"https:\/\/www.vsl.nl\/en\/met4evcs\/results\/\"},{\"@type\":\"ListItem\",\"position\":4,\"name\":\"Publications\"}]},{\"@type\":\"WebSite\",\"@id\":\"https:\/\/www.vsl.nl\/#website\",\"url\":\"https:\/\/www.vsl.nl\/\",\"name\":\"VSL\",\"description\":\"Nationaal Metrologisch Instituut\",\"potentialAction\":[{\"@type\":\"SearchAction\",\"target\":{\"@type\":\"EntryPoint\",\"urlTemplate\":\"https:\/\/www.vsl.nl\/?s={search_term_string}\"},\"query-input\":{\"@type\":\"PropertyValueSpecification\",\"valueRequired\":true,\"valueName\":\"search_term_string\"}}],\"inLanguage\":\"en-US\"}]}<\/script>\n<!-- \/ Yoast SEO plugin. -->","yoast_head_json":{"title":"Publications - Met4EVCS","robots":{"index":"index","follow":"follow","max-snippet":"max-snippet:-1","max-image-preview":"max-image-preview:large","max-video-preview":"max-video-preview:-1"},"canonical":"https:\/\/www.vsl.nl\/en\/met4evcs\/results\/publications\/","og_locale":"en_US","og_type":"article","og_title":"Publications - Met4EVCS","og_description":"[vc_section full_width=&#8221;stretch_row&#8221; content_placement=&#8221;middle&#8221; css=&#8221;.vc_custom_1727685745142{background-image: url(https:\/\/www.vsl.nl\/wp-content\/uploads\/2024\/09\/header-electric.jpg?id=17693) !important;background-position: center !important;background-repeat: no-repeat !important;background-size: cover !important;}&#8221; el_class=&#8221;second_header gradient_header dg-position-realtive&#8221;][vc_row equal_height=&#8221;yes&#8221; content_placement=&#8221;middle&#8221; el_class=&#8221;dg-header&#8211;small&#8221;][vc_column width=&#8221;2\/3&#8243; el_class=&#8221;dg-padding-none full_width_responsive&#8221;][vc_column_text css=&#8221;.vc_custom_1727689635502{margin-bottom: 0px !important;padding-bottom: 0px !important;}&#8221; el_class=&#8221;text-white&#8221;] Publications Metrology for electric vehicle charging systems[\/vc_column_text][\/vc_column][vc_column width=&#8221;1\/3&#8243;][\/vc_column][\/vc_row][\/vc_section][vc_section el_class=&#8221;dg-padding-mid-bottom dg-padding-small-top&#8221;][vc_row][vc_column width=&#8221;5\/6&#8243; el_class=&#8221;full_width_responsive dg-padding-none&#8221;][vc_column_text css=&#8221;.vc_custom_1767004268179{margin-bottom: 0px !important;}&#8221;] Publications A. Mariscotti, \u201cDesign of a low-frequency impedance measurement system applicable to&hellip;","og_url":"https:\/\/www.vsl.nl\/en\/met4evcs\/results\/publications\/","og_site_name":"VSL","article_modified_time":"2025-12-29T10:31:11+00:00","twitter_card":"summary_large_image","twitter_misc":{"Est. reading time":"3 minutes"},"schema":{"@context":"https:\/\/schema.org","@graph":[{"@type":"WebPage","@id":"https:\/\/www.vsl.nl\/en\/met4evcs\/results\/publications\/","url":"https:\/\/www.vsl.nl\/en\/met4evcs\/results\/publications\/","name":"Publications - Met4EVCS","isPartOf":{"@id":"https:\/\/www.vsl.nl\/#website"},"datePublished":"2024-09-18T08:48:10+00:00","dateModified":"2025-12-29T10:31:11+00:00","breadcrumb":{"@id":"https:\/\/www.vsl.nl\/en\/met4evcs\/results\/publications\/#breadcrumb"},"inLanguage":"en-US","potentialAction":[{"@type":"ReadAction","target":["https:\/\/www.vsl.nl\/en\/met4evcs\/results\/publications\/"]}]},{"@type":"BreadcrumbList","@id":"https:\/\/www.vsl.nl\/en\/met4evcs\/results\/publications\/#breadcrumb","itemListElement":[{"@type":"ListItem","position":1,"name":"Home","item":"https:\/\/www.vsl.nl\/en\/"},{"@type":"ListItem","position":2,"name":"Met4EVCS","item":"https:\/\/www.vsl.nl\/en\/met4evcs\/"},{"@type":"ListItem","position":3,"name":"Results","item":"https:\/\/www.vsl.nl\/en\/met4evcs\/results\/"},{"@type":"ListItem","position":4,"name":"Publications"}]},{"@type":"WebSite","@id":"https:\/\/www.vsl.nl\/#website","url":"https:\/\/www.vsl.nl\/","name":"VSL","description":"Nationaal Metrologisch Instituut","potentialAction":[{"@type":"SearchAction","target":{"@type":"EntryPoint","urlTemplate":"https:\/\/www.vsl.nl\/?s={search_term_string}"},"query-input":{"@type":"PropertyValueSpecification","valueRequired":true,"valueName":"search_term_string"}}],"inLanguage":"en-US"}]}},"_links":{"self":[{"href":"https:\/\/www.vsl.nl\/en\/wp-json\/wp\/v2\/pages\/17671","targetHints":{"allow":["GET"]}}],"collection":[{"href":"https:\/\/www.vsl.nl\/en\/wp-json\/wp\/v2\/pages"}],"about":[{"href":"https:\/\/www.vsl.nl\/en\/wp-json\/wp\/v2\/types\/page"}],"author":[{"embeddable":true,"href":"https:\/\/www.vsl.nl\/en\/wp-json\/wp\/v2\/users\/2"}],"replies":[{"embeddable":true,"href":"https:\/\/www.vsl.nl\/en\/wp-json\/wp\/v2\/comments?post=17671"}],"version-history":[{"count":0,"href":"https:\/\/www.vsl.nl\/en\/wp-json\/wp\/v2\/pages\/17671\/revisions"}],"up":[{"embeddable":true,"href":"https:\/\/www.vsl.nl\/en\/wp-json\/wp\/v2\/pages\/17667"}],"wp:attachment":[{"href":"https:\/\/www.vsl.nl\/en\/wp-json\/wp\/v2\/media?parent=17671"}],"wp:term":[{"taxonomy":"category","embeddable":true,"href":"https:\/\/www.vsl.nl\/en\/wp-json\/wp\/v2\/categories?post=17671"},{"taxonomy":"post_tag","embeddable":true,"href":"https:\/\/www.vsl.nl\/en\/wp-json\/wp\/v2\/tags?post=17671"}],"curies":[{"name":"wp","href":"https:\/\/api.w.org\/{rel}","templated":true}]}}